{"id":234,"date":"2020-02-05T14:36:44","date_gmt":"2020-02-05T13:36:44","guid":{"rendered":"https:\/\/ettelbruck.webdev.lu\/citoyen\/?page_id=234"},"modified":"2026-03-27T08:13:14","modified_gmt":"2026-03-27T07:13:14","slug":"emploi","status":"publish","type":"page","link":"https:\/\/ettelbruck.lu\/citoyen\/en\/ma-commune\/emploi\/","title":{"rendered":"Emploi"},"content":{"rendered":"<p><strong>VILLE D\u2019ETTELBRUCK<\/strong><\/p>\n<p><strong>APPEL AUX CANDIDATURES<\/strong><\/p>\n<p><strong>\u00a0<\/strong><\/p>\n<p>L\u2019administration communale de la Ville d\u2019Ettelbruck se propose d\u2019engager\u00a0:<\/p>\n<p><strong><em>\u00a0<\/em><\/strong><\/p>\n<p><strong><em>(T\u00e2che\u00a0: 100%, m\/f\/x<\/em><\/strong><strong>)<\/strong><\/p>\n<ul>\n<li><strong>un responsable pour les besoins du service <\/strong><strong>\u00ab\u00a0voirie et mobilit\u00e9\u00a0\u00bb<\/strong><strong>.<\/strong><\/li>\n<\/ul>\n<p>Les personnes int\u00e9ress\u00e9es sont invit\u00e9es \u00e0 soumettre leur dossier de candidature via <strong>le formulaire digital<\/strong> <strong>ou par courrier postal<\/strong> au coll\u00e8ge \u00e9chevinal de la Ville d\u2019Ettelbruck, B.P. 116, L-9002 Ettelbruck pour <strong>lundi, le 20 avril 2026 <\/strong>au plus tard.<\/p>\n<p><a href=\"https:\/\/ettelbruck.lu\/citoyen\/wp-content\/uploads\/sites\/2\/2026\/03\/Aide-memoire-poste-responsable-voirie-et-mobilite-2026.pdf\">Aide-m\u00e9moire poste responsable voirie et mobilit\u00e9 2026<\/a><\/p>","protected":false},"excerpt":{"rendered":"<p>VILLE D\u2019ETTELBRUCK APPEL AUX CANDIDATURES \u00a0 L\u2019administration communale de la Ville d\u2019Ettelbruck se propose d\u2019engager\u00a0: \u00a0 (T\u00e2che\u00a0: 100%, m\/f\/x) un responsable pour les besoins du service \u00ab\u00a0voirie et mobilit\u00e9\u00a0\u00bb. Les personnes int\u00e9ress\u00e9es sont invit\u00e9es \u00e0 soumettre leur dossier de candidature via le formulaire digital ou par courrier postal au coll\u00e8ge \u00e9chevinal de la Ville d\u2019Ettelbruck, [&hellip;]<\/p>\n","protected":false},"author":1,"featured_media":0,"parent":228,"menu_order":4,"comment_status":"closed","ping_status":"closed","template":"","meta":{"_acf_changed":false,"inline_featured_image":false,"footnotes":""},"acf":[],"_links":{"self":[{"href":"https:\/\/ettelbruck.lu\/citoyen\/en\/wp-json\/wp\/v2\/pages\/234"}],"collection":[{"href":"https:\/\/ettelbruck.lu\/citoyen\/en\/wp-json\/wp\/v2\/pages"}],"about":[{"href":"https:\/\/ettelbruck.lu\/citoyen\/en\/wp-json\/wp\/v2\/types\/page"}],"author":[{"embeddable":true,"href":"https:\/\/ettelbruck.lu\/citoyen\/en\/wp-json\/wp\/v2\/users\/1"}],"replies":[{"embeddable":true,"href":"https:\/\/ettelbruck.lu\/citoyen\/en\/wp-json\/wp\/v2\/comments?post=234"}],"version-history":[{"count":115,"href":"https:\/\/ettelbruck.lu\/citoyen\/en\/wp-json\/wp\/v2\/pages\/234\/revisions"}],"predecessor-version":[{"id":27218,"href":"https:\/\/ettelbruck.lu\/citoyen\/en\/wp-json\/wp\/v2\/pages\/234\/revisions\/27218"}],"up":[{"embeddable":true,"href":"https:\/\/ettelbruck.lu\/citoyen\/en\/wp-json\/wp\/v2\/pages\/228"}],"wp:attachment":[{"href":"https:\/\/ettelbruck.lu\/citoyen\/en\/wp-json\/wp\/v2\/media?parent=234"}],"curies":[{"name":"wp","href":"https:\/\/api.w.org\/{rel}","templated":true}]}}