{"id":220,"date":"2020-02-05T14:29:44","date_gmt":"2020-02-05T13:29:44","guid":{"rendered":"https:\/\/ettelbruck.webdev.lu\/citoyen\/?page_id=220"},"modified":"2024-08-29T14:21:03","modified_gmt":"2024-08-29T12:21:03","slug":"environnement","status":"publish","type":"page","link":"https:\/\/ettelbruck.lu\/citoyen\/services-au-citoyen\/environnement\/","title":{"rendered":"Environnement"},"content":{"rendered":"<p>La Ville d\u2019Ettelbruck \u0153uvre pour une bonne qualit\u00e9 de l\u2019environnement dans le but de garantir la sant\u00e9, le bien-\u00eatre et la qualit\u00e9 de vie de l\u2019ensemble de ses citoyens. Le tri des d\u00e9chets, de campagnes de sensibilisation pour r\u00e9duire la consommation de l\u2019eau potable ne sont que quelques exemples des mesures prises ces derni\u00e8res ann\u00e9es afin d\u2019\u0153uvrer pour une meilleure qualit\u00e9 de vie.<\/p>\n<p>Ettelbruck est membre fondatrice de Klima-B\u00fcndnis L\u00ebtzebuerg depuis 1995.<\/p>\n<p>En 2013, la Ville d\u2019Ettelbruck s\u2019est vue remettre le label \u00ab\u00a0Fairtrade Gemeng\u00a0\u00bb.<\/p>\n<p>Par l\u2019interm\u00e9diaire du projet \u00ab\u00a0EarthCall\u00a0\u00bb, la commune s\u2019engage \u00e0 planter un arbre fruitier au Western Cape en Afrique du Sud pour chaque \u00e9l\u00e8ve du cycle 4.1 de l\u2019\u00e9cole fondamentale d\u2019Ettelbruck.<\/p>","protected":false},"excerpt":{"rendered":"<p>La Ville d\u2019Ettelbruck \u0153uvre pour une bonne qualit\u00e9 de l\u2019environnement dans le but de garantir la sant\u00e9, le bien-\u00eatre et la qualit\u00e9 de vie de l\u2019ensemble de ses citoyens. Le tri des d\u00e9chets, de campagnes de sensibilisation pour r\u00e9duire la consommation de l\u2019eau potable ne sont que quelques exemples des mesures prises ces derni\u00e8res ann\u00e9es [&hellip;]<\/p>\n","protected":false},"author":1,"featured_media":0,"parent":242,"menu_order":2,"comment_status":"closed","ping_status":"closed","template":"","meta":{"_acf_changed":false,"inline_featured_image":false,"footnotes":""},"acf":[],"_links":{"self":[{"href":"https:\/\/ettelbruck.lu\/citoyen\/wp-json\/wp\/v2\/pages\/220"}],"collection":[{"href":"https:\/\/ettelbruck.lu\/citoyen\/wp-json\/wp\/v2\/pages"}],"about":[{"href":"https:\/\/ettelbruck.lu\/citoyen\/wp-json\/wp\/v2\/types\/page"}],"author":[{"embeddable":true,"href":"https:\/\/ettelbruck.lu\/citoyen\/wp-json\/wp\/v2\/users\/1"}],"replies":[{"embeddable":true,"href":"https:\/\/ettelbruck.lu\/citoyen\/wp-json\/wp\/v2\/comments?post=220"}],"version-history":[{"count":13,"href":"https:\/\/ettelbruck.lu\/citoyen\/wp-json\/wp\/v2\/pages\/220\/revisions"}],"predecessor-version":[{"id":22647,"href":"https:\/\/ettelbruck.lu\/citoyen\/wp-json\/wp\/v2\/pages\/220\/revisions\/22647"}],"up":[{"embeddable":true,"href":"https:\/\/ettelbruck.lu\/citoyen\/wp-json\/wp\/v2\/pages\/242"}],"wp:attachment":[{"href":"https:\/\/ettelbruck.lu\/citoyen\/wp-json\/wp\/v2\/media?parent=220"}],"curies":[{"name":"wp","href":"https:\/\/api.w.org\/{rel}","templated":true}]}}