{"id":2489,"date":"2024-02-07T12:28:07","date_gmt":"2024-02-07T11:28:07","guid":{"rendered":"https:\/\/ettelbruck.lu\/?post_type=events&#038;p=2489"},"modified":"2024-02-07T12:28:33","modified_gmt":"2024-02-07T11:28:33","slug":"reunion-dinformation-reamenagement-de-la-rue-pierre-wiser-et-de-la-rue-de-la-synagogue-et-le-reamenagement-partiel-de-la-rue-de-warken","status":"publish","type":"events","link":"https:\/\/ettelbruck.lu\/en\/events\/reunion-dinformation-reamenagement-de-la-rue-pierre-wiser-et-de-la-rue-de-la-synagogue-et-le-reamenagement-partiel-de-la-rue-de-warken\/","title":{"rendered":"R\u00e9union d&#8217;information &#8211; r\u00e9am\u00e9nagement de la rue Pierre Wiser et de la rue de la Synagogue et le r\u00e9am\u00e9nagement partiel de la rue de Warken"},"content":{"rendered":"<p class=\"qtranxs-available-languages-message qtranxs-available-languages-message-en\">Sorry, this entry is only available in <a href=\"https:\/\/ettelbruck.lu\/fr\/wp-json\/wp\/v2\/events\/2489\" class=\"qtranxs-available-language-link qtranxs-available-language-link-fr\" title=\"Fran\u00e7ais\">French<\/a>.<\/p><p>Nous avons l\u2019honneur de vous inviter \u00e0 <strong>une r\u00e9union d\u2019information<\/strong> qui aura lieu lundi<strong>, le 26 f\u00e9vrier 2024 \u00e0 19.00 heures<\/strong> \u00e0 l\u2019H\u00f4tel de Ville (Salle des F\u00eates, 1<sup>er<\/sup> \u00e9tage).<\/p>\n<p>Le coll\u00e8ge \u00e9chevinal, les services communaux impliqu\u00e9s, les bureaux d\u2019ing\u00e9nieurs Icone et Bered et l\u2019entrepreneur se tiennent \u00e0 votre disposition pour pr\u00e9senter le projet et expliquer en d\u00e9tail le d\u00e9roulement des travaux. Apr\u00e8s la pr\u00e9sentation, nous r\u00e9pondrons \u00e0 vos questions \u00e9ventuelles.<\/p>\n<p>N\u00e9anmoins, le bureau GlobeZenit pourrait d\u00e9j\u00e0 vous contacter avant cette date pour effectuer un \u00e9tat des lieux de votre immeuble.<\/p>\n<p>Pour de plus amples informations, veuillez contacter notre service des b\u00e2tisses et de l\u2019urbanisme (Monsieur Tom JONK, ( 81 91 81 \u2013 457\u00a0; * tom.jonk@ettelbruck.lu).<\/p>","protected":false},"excerpt":{"rendered":"<p>Sorry, this entry is only available in French.Nous avons l\u2019honneur de vous inviter \u00e0 une r\u00e9union d\u2019information qui aura lieu lundi, le 26 f\u00e9vrier 2024 \u00e0 19.00 heures \u00e0 l\u2019H\u00f4tel de Ville (Salle des F\u00eates, 1er \u00e9tage). Le coll\u00e8ge \u00e9chevinal, les services communaux impliqu\u00e9s, les bureaux d\u2019ing\u00e9nieurs Icone et Bered et l\u2019entrepreneur se tiennent \u00e0 [&hellip;]<\/p>\n","protected":false},"featured_media":1541,"template":"","acf":[],"_links":{"self":[{"href":"https:\/\/ettelbruck.lu\/en\/wp-json\/wp\/v2\/events\/2489"}],"collection":[{"href":"https:\/\/ettelbruck.lu\/en\/wp-json\/wp\/v2\/events"}],"about":[{"href":"https:\/\/ettelbruck.lu\/en\/wp-json\/wp\/v2\/types\/events"}],"wp:featuredmedia":[{"embeddable":true,"href":"https:\/\/ettelbruck.lu\/en\/wp-json\/wp\/v2\/media\/1541"}],"wp:attachment":[{"href":"https:\/\/ettelbruck.lu\/en\/wp-json\/wp\/v2\/media?parent=2489"}],"curies":[{"name":"wp","href":"https:\/\/api.w.org\/{rel}","templated":true}]}}