{"id":2781,"date":"2024-09-03T08:54:41","date_gmt":"2024-09-03T06:54:41","guid":{"rendered":"https:\/\/ettelbruck.lu\/?post_type=events&#038;p=2781"},"modified":"2024-09-03T08:54:41","modified_gmt":"2024-09-03T06:54:41","slug":"inside-out","status":"publish","type":"events","link":"https:\/\/ettelbruck.lu\/en\/events\/inside-out\/","title":{"rendered":"Inside Out"},"content":{"rendered":"<p class=\"qtranxs-available-languages-message qtranxs-available-languages-message-en\">Sorry, this entry is only available in <a href=\"https:\/\/ettelbruck.lu\/fr\/wp-json\/wp\/v2\/events\/2781\" class=\"qtranxs-available-language-link qtranxs-available-language-link-fr\" title=\"Fran\u00e7ais\">French<\/a>.<\/p><p>L&#8217;exposition Inside Out est le r\u00e9sultat d\u2019une collaboration du collectif d&#8217;artistes Hariko pour explorer l&#8217;individualit\u00e9, la communaut\u00e9 et l&#8217;acte de partage. Il s&#8217;agit d&#8217;une collection de perspectives et d&#8217;histoires individuelles qui entrent en r\u00e9sonance les unes avec les autres par le biais du partage. Le projet explore le rapprochement entre nous tous, en examinant ce qui nous unit ou nous diff\u00e9rencie &#8211; que ce soit visuellement, physiquement, \u00e9motionnellement ou spirituellement. Cette tension entre le moi et l&#8217;autre, entre l&#8217;identit\u00e9 individuelle et collective, s&#8217;exprime dans les \u0153uvres des six artistes. L&#8217;objectif du collectif est de cr\u00e9er un projet qui capture la complexit\u00e9 de nos mondes int\u00e9rieurs et ext\u00e9rieurs. \u00c0 une \u00e9poque o\u00f9 l&#8217;\u00e9change de valeurs, de pens\u00e9es et de questions semble plus important que jamais, Inside Out offre une plateforme de rencontre \u00e0 diff\u00e9rents niveaux. Ici, les artistes encouragent le public \u00e0 relever les d\u00e9fis, les enrichissements et les risques du partage. Ils invitent chacun \u00e0 r\u00e9fl\u00e9chir<br \/>\nsur sa propre identit\u00e9, \u00e0 entrer en contact avec les autres et \u00e0 d\u00e9ployer un espace de dialogue commun.<\/p>","protected":false},"excerpt":{"rendered":"<p>Sorry, this entry is only available in French.L&#8217;exposition Inside Out est le r\u00e9sultat d\u2019une collaboration du collectif d&#8217;artistes Hariko pour explorer l&#8217;individualit\u00e9, la communaut\u00e9 et l&#8217;acte de partage. Il s&#8217;agit d&#8217;une collection de perspectives et d&#8217;histoires individuelles qui entrent en r\u00e9sonance les unes avec les autres par le biais du partage. Le projet explore le [&hellip;]<\/p>\n","protected":false},"featured_media":727,"template":"","acf":[],"_links":{"self":[{"href":"https:\/\/ettelbruck.lu\/en\/wp-json\/wp\/v2\/events\/2781"}],"collection":[{"href":"https:\/\/ettelbruck.lu\/en\/wp-json\/wp\/v2\/events"}],"about":[{"href":"https:\/\/ettelbruck.lu\/en\/wp-json\/wp\/v2\/types\/events"}],"wp:featuredmedia":[{"embeddable":true,"href":"https:\/\/ettelbruck.lu\/en\/wp-json\/wp\/v2\/media\/727"}],"wp:attachment":[{"href":"https:\/\/ettelbruck.lu\/en\/wp-json\/wp\/v2\/media?parent=2781"}],"curies":[{"name":"wp","href":"https:\/\/api.w.org\/{rel}","templated":true}]}}