{"id":2849,"date":"2024-09-03T14:53:06","date_gmt":"2024-09-03T12:53:06","guid":{"rendered":"https:\/\/ettelbruck.lu\/?post_type=events&#038;p=2849"},"modified":"2024-09-03T14:53:06","modified_gmt":"2024-09-03T12:53:06","slug":"hei-daerf-ech-hei-muss-ech-net","status":"publish","type":"events","link":"https:\/\/ettelbruck.lu\/en\/events\/hei-daerf-ech-hei-muss-ech-net\/","title":{"rendered":"Hei d\u00e4erf ech, hei muss ech net"},"content":{"rendered":"<p class=\"qtranxs-available-languages-message qtranxs-available-languages-message-en\">Sorry, this entry is only available in <a href=\"https:\/\/ettelbruck.lu\/fr\/wp-json\/wp\/v2\/events\/2849\" class=\"qtranxs-available-language-link qtranxs-available-language-link-fr\" title=\"Fran\u00e7ais\">French<\/a>.<\/p><p>Le groupe cr\u00e9atif et le groupe Mol mol de Liewen Dobaussen vous invitent \u00e0 d\u00e9couvrir leurs oeuvres artistiques, une vari\u00e9t\u00e9 de cr\u00e9ations comprenant des peintures, des c\u00e9ramiques, des sculptures en papier m\u00e2ch\u00e9 et des mosa\u00efques. L&#8217;association Liewen Dobaussen, bas\u00e9e \u00e0 Ettelbruck, est active dans le nord du Luxembourg depuis 1987, et offre un accompagnement complet des personnes atteintes de troubles psychiques. Outre une prise en charge psychiatrique, psychoth\u00e9rapeutique et sociale, des activit\u00e9s th\u00e9rapeutiques ont lieu dans son Centre de jour. Son Centre de rencontre propose des offres accessibles. Enfin, elle a mis en place diverses formes de logement accompagn\u00e9.<\/p>","protected":false},"excerpt":{"rendered":"<p>Sorry, this entry is only available in French.Le groupe cr\u00e9atif et le groupe Mol mol de Liewen Dobaussen vous invitent \u00e0 d\u00e9couvrir leurs oeuvres artistiques, une vari\u00e9t\u00e9 de cr\u00e9ations comprenant des peintures, des c\u00e9ramiques, des sculptures en papier m\u00e2ch\u00e9 et des mosa\u00efques. L&#8217;association Liewen Dobaussen, bas\u00e9e \u00e0 Ettelbruck, est active dans le nord du Luxembourg [&hellip;]<\/p>\n","protected":false},"featured_media":0,"template":"","acf":[],"_links":{"self":[{"href":"https:\/\/ettelbruck.lu\/en\/wp-json\/wp\/v2\/events\/2849"}],"collection":[{"href":"https:\/\/ettelbruck.lu\/en\/wp-json\/wp\/v2\/events"}],"about":[{"href":"https:\/\/ettelbruck.lu\/en\/wp-json\/wp\/v2\/types\/events"}],"wp:attachment":[{"href":"https:\/\/ettelbruck.lu\/en\/wp-json\/wp\/v2\/media?parent=2849"}],"curies":[{"name":"wp","href":"https:\/\/api.w.org\/{rel}","templated":true}]}}