{"id":3027,"date":"2025-04-25T15:53:16","date_gmt":"2025-04-25T13:53:16","guid":{"rendered":"https:\/\/ettelbruck.lu\/?post_type=events&#038;p=3027"},"modified":"2025-04-25T15:56:54","modified_gmt":"2025-04-25T13:56:54","slug":"seance-du-conseil-communal-16","status":"publish","type":"events","link":"https:\/\/ettelbruck.lu\/en\/events\/seance-du-conseil-communal-16\/","title":{"rendered":"S\u00e9ance du conseil communal"},"content":{"rendered":"<p class=\"qtranxs-available-languages-message qtranxs-available-languages-message-en\">Sorry, this entry is only available in <a href=\"https:\/\/ettelbruck.lu\/fr\/wp-json\/wp\/v2\/events\/3027\" class=\"qtranxs-available-language-link qtranxs-available-language-link-fr\" title=\"Fran\u00e7ais\">French<\/a>.<\/p><p><strong><u>S\u00e9ance publique<\/u><\/strong><\/p>\n<p><strong>&#8211; <\/strong>Communications par le coll\u00e8ge des bourgmestre et \u00e9chevins:<\/p>\n<p>&#8211; Affaires de derni\u00e8re minute :<\/p>\n<p>&nbsp;<\/p>\n<ol>\n<li><strong>Approbation et signature du registre aux d\u00e9lib\u00e9rations de la derni\u00e8re s\u00e9ance du 31 mars 2025<\/strong><\/li>\n<\/ol>\n<p>&nbsp;<\/p>\n<ol start=\"2\">\n<li><strong>Pacte climat<\/strong>\n<ul>\n<li>Approbation du principe directeur (Leitbild) du pacte climat 2.0. pour la Ville d\u2019Ettelbruck<\/li>\n<li>Approbation du principe directeur (Leitbild) du pacte climat 2.0. pour les communes de la Nordstad<\/li>\n<\/ul>\n<\/li>\n<\/ol>\n<p>&nbsp;<\/p>\n<ol start=\"3\">\n<li><strong>Am\u00e9nagement du territoire et urbanisme <\/strong>\n<ul>\n<li>Approbation d\u2019un projet de lotissement avec morcellement\u2013 Chemin du Camping \u00e0 Ettelbruck<\/li>\n<li>Approbation d\u2019un projet de morcellement \u2013 49-51 Grand-Rue<\/li>\n<\/ul>\n<\/li>\n<\/ol>\n<p>&nbsp;<\/p>\n<ol start=\"4\">\n<li><strong>Actes, compromis, contrats, conventions et statuts<\/strong>\n<ul>\n<li>CFL \u2013 approbation de la convention n\u00b02350 pour l\u2019\u00e9tablissement et l\u2019exploitation d\u2019ouvrages \u00e9lectriques sur et sous le domaine ferroviaire<\/li>\n<li>Parking couvert \u00ab\u00a0Am D\u00e4ich\u00a0\u00bb \u2013 approbation de contrats de location d\u2019un emplacement de stationnement r\u00e9serv\u00e9<\/li>\n<li>Approbation de l\u2019acte administratif portant cession gratuite par l\u2019\u00c9tat d\u2019une parcelle sise \u00e0 Ettelbruck, lieu-dit op der Nuck, destin\u00e9e \u00e0 servir d\u2019assiette au r\u00e9servoir d\u2019eau<\/li>\n<li>Approbation du compromis de la cession gratuite de deux parcelles appartenant aux consorts Goetzinger, situ\u00e9es rue du Camping, en vue de leur int\u00e9gration au domaine public<\/li>\n<\/ul>\n<\/li>\n<\/ol>\n<p>&nbsp;<\/p>\n<ol start=\"5\">\n<li><strong>Devis, modifications budg\u00e9taires, affaires financi\u00e8res et d\u00e9comptes<\/strong><\/li>\n<\/ol>\n<ul style=\"list-style-type: circle;\">\n<li>Devis suppl\u00e9mentaire pour les travaux de r\u00e9am\u00e9nagement de la rue Michel Lentz<\/li>\n<li>Octroi d\u2019un subside extraordinaire au CAPe \u00e0 l\u2019occasion de son 25<sup>e<\/sup> anniversaire<\/li>\n<li>Approbation d\u2019un cr\u00e9dit sp\u00e9cial pour l\u2019acquisition d\u2019une collection priv\u00e9e pour les archives communales<\/li>\n<\/ul>\n<p>&nbsp;<\/p>\n<ol start=\"6\">\n<li><strong>R\u00e8glements communaux<\/strong><\/li>\n<\/ol>\n<ul style=\"list-style-type: circle;\">\n<li>R\u00e8glement-taxes coordonn\u00e9 \u2013 cr\u00e9ation de taxes pour l\u2019utilisation du mini-golf au Parc de l\u2019Alzette<\/li>\n<li>R\u00e8glement-taxes coordonn\u00e9 \u2013 suppression de certaines taxes du service des b\u00e2tisses et de l\u2019urbanisme<\/li>\n<\/ul>\n<p><strong>\u00a0<\/strong><\/p>\n<ol start=\"7\">\n<li><strong>Office social Nordstad <\/strong><strong>\u2013 vote collectif<\/strong>\n<ul>\n<li>D\u00e9lib\u00e9rations de l\u2019OSNOS<\/li>\n<li>Convention 2025 entre l\u2019Etat (Minist\u00e8re de la Famille) et l\u2019Office Social Nordstad<\/li>\n<\/ul>\n<\/li>\n<li><strong>Divers<\/strong>\n<ul>\n<li>Rapports des d\u00e9l\u00e9gu\u00e9s du conseil communal dans les syndicats intercommunaux<\/li>\n<li>Autorisation d\u2019ester en justice \u2013 Affaire Bauer \/ Neumann<\/li>\n<\/ul>\n<\/li>\n<\/ol>\n<p>&nbsp;<\/p>\n<p><strong><u>S\u00e9ance \u00e0 huis-clos<\/u><\/strong><\/p>\n<ol start=\"9\">\n<li><strong> Affaires de personnel<\/strong><\/li>\n<\/ol>\n<p><\/p>","protected":false},"excerpt":{"rendered":"<p>Sorry, this entry is only available in French.S\u00e9ance publique &#8211; Communications par le coll\u00e8ge des bourgmestre et \u00e9chevins: &#8211; Affaires de derni\u00e8re minute : &nbsp; Approbation et signature du registre aux d\u00e9lib\u00e9rations de la derni\u00e8re s\u00e9ance du 31 mars 2025 &nbsp; Pacte climat Approbation du principe directeur (Leitbild) du pacte climat 2.0. pour la Ville [&hellip;]<\/p>\n","protected":false},"featured_media":2997,"template":"","acf":[],"_links":{"self":[{"href":"https:\/\/ettelbruck.lu\/en\/wp-json\/wp\/v2\/events\/3027"}],"collection":[{"href":"https:\/\/ettelbruck.lu\/en\/wp-json\/wp\/v2\/events"}],"about":[{"href":"https:\/\/ettelbruck.lu\/en\/wp-json\/wp\/v2\/types\/events"}],"wp:featuredmedia":[{"embeddable":true,"href":"https:\/\/ettelbruck.lu\/en\/wp-json\/wp\/v2\/media\/2997"}],"wp:attachment":[{"href":"https:\/\/ettelbruck.lu\/en\/wp-json\/wp\/v2\/media?parent=3027"}],"curies":[{"name":"wp","href":"https:\/\/api.w.org\/{rel}","templated":true}]}}