{"id":3093,"date":"2025-07-04T15:12:52","date_gmt":"2025-07-04T13:12:52","guid":{"rendered":"https:\/\/ettelbruck.lu\/?post_type=events&#038;p=3093"},"modified":"2025-07-04T15:12:52","modified_gmt":"2025-07-04T13:12:52","slug":"seance-du-conseil-communal-24","status":"publish","type":"events","link":"https:\/\/ettelbruck.lu\/en\/events\/seance-du-conseil-communal-24\/","title":{"rendered":"S\u00e9ance du conseil communal"},"content":{"rendered":"<p class=\"qtranxs-available-languages-message qtranxs-available-languages-message-en\">Sorry, this entry is only available in <a href=\"https:\/\/ettelbruck.lu\/fr\/wp-json\/wp\/v2\/events\/3093\" class=\"qtranxs-available-language-link qtranxs-available-language-link-fr\" title=\"Fran\u00e7ais\">French<\/a>.<\/p><p><strong><u>O R D R E\u00a0\u00a0 D U\u00a0\u00a0 J O U R <\/u><\/strong><\/p>\n<p><strong><u>S\u00e9ance publique<\/u><\/strong><\/p>\n<p><strong>1. Approbation et signature du registre aux d\u00e9lib\u00e9rations de la derni\u00e8re s\u00e9ance du 16 juin 2025 <\/strong><\/p>\n<p>&nbsp;<\/p>\n<p><strong>2. Fusion <\/strong><\/p>\n<p>2.1.\u00a0 D\u00e9lib\u00e9ration concordante approuvant la poursuite des discussions exploratoires avec les communes de Diekirch, d\u2019Erpeldange-sur-S\u00fbre et de Schieren<\/p>\n<p>&nbsp;<\/p>\n<p><strong>3. Urbanisme et am\u00e9nagement et territoire <\/strong><\/p>\n<p>3.1.\u00a0 Cr\u00e9ation d\u2019une zone de protection autour du captage des eaux souterraines (forage \u00e0 Warken \u00ab\u00a0In den Buchen\u00a0\u00bb, FCC-707-09) \u2013 mise en proc\u00e9dure<\/p>\n<p>3.2\u00a0\u00a0 PAG modification ponctuelle \u00ab\u00a088, rue de Welscheid\u00a0\u00bb 2<sup>e<\/sup> vote, dossier 8<\/p>\n<p>3.3.\u00a0 PAP QE modification ponctuelle \u00ab\u00a088, rue de Welscheid\u00a0\u00bb dossier 8<\/p>\n<p>3.4.\u00a0 PAG modification ponctuelle \u00ab\u00a0rue G.-D. J. Charlotte\/maison relais\u00a0\u00bb 2<sup>e<\/sup> vote, dossier 9<\/p>\n<p>3.5\u00a0\u00a0 PAP QE modification ponctuelle \u00ab\u00a0rue G.-D. J. Charlotte\/maison relais\u00a0\u00bb dossier 9<\/p>\n<p>&nbsp;<\/p>\n<p><strong>4. Actes, compromis, contrats, conventions et statuts<\/strong><\/p>\n<p>4.1 Convention Haff Ditgesbaach \u00bb concernant le projet LUGA<\/p>\n<p>4.2 Acte notari\u00e9 pour acquisition de la ferme Wanderscheid au no 32 rue de Feulen<\/p>\n<p>4.3 Parking couvert \u00ab Am D\u00e4ich \u00bb &#8211; contrats pour emplacements de stationnement r\u00e9serv\u00e9s<\/p>\n<p>&nbsp;<\/p>\n<p><strong>5. Devis, modifications budg\u00e9taires, affaires financi\u00e8res et d\u00e9comptes<\/strong><\/p>\n<p>5.1.\u00a0 Devis pour travaux de r\u00e9am\u00e9nagement de la rallonge du chemin mixte \u2013 rue du Canal<\/p>\n<p>5.2.\u00a0 Tableau des modifications budg\u00e9taires<\/p>\n<p>5.3.\u00a0 Subsides Ordinaires 2025 \u00ab\u00a0liste 1\u00a0\u00bb<\/p>\n<p>5.4\u00a0\u00a0 Subside anniversaire Union cycliste du Nord Ettelbruck<\/p>\n<p>5.5.\u00a0 Subside extraordinaire Klammspann<\/p>\n<p>5.6.\u00a0 Subside extraordinaire Judo Club<\/p>\n<p>5.7.\u00a0 Aides humanitaires \u2013 1<sup>er<\/sup> versement pour 2025<\/p>\n<p>&nbsp;<\/p>\n<p><strong>6. Modifications au r\u00e8glement de circulation communal<\/strong><\/p>\n<p>6.1.\u00a0 Modification du r\u00e8glement de circulation (Parking Place de l\u2019H\u00f4tel de Ville)<\/p>\n<p>&nbsp;<\/p>\n<p><strong>\u00a07. <\/strong><strong>Office social Nordstad <\/strong><strong>\u2013 vote collectif<\/strong><\/p>\n<p>7.1 OSNOS d\u00e9lib\u00e9rations \u00e0 approuver<\/p>\n<p>&nbsp;<\/p>\n<p><strong>8. Affaires de personnel<\/strong><\/p>\n<p>8.1.\u00a0 Cr\u00e9ation de 2 postes de salari\u00e9s \u00e0 t\u00e2che manuelle A\/B<\/p>\n<p>8.2.\u00a0 Cr\u00e9ation d\u2019un poste d\u2019employ\u00e9 communal C1, sous-groupe technique, pour les besoins du service des archives<\/p>\n<p>&nbsp;<\/p>\n<p><strong>9. Divers<\/strong><\/p>\n<p>9.1. Rapports des d\u00e9l\u00e9gu\u00e9s du conseil communal dans les syndicats intercommunaux<\/p>\n<p>9.2.\u00a0 Nordstad Entw\u00e9cklungsgesellschaft s\u00e0rl\u00a0: d\u00e9signation d\u2019un nouveau repr\u00e9sentant<\/p>\n<p>&nbsp;<\/p>\n<p><strong><u>S\u00e9ance \u00e0 huis-clos<\/u><\/strong><\/p>\n<p><strong>10. Affaires du personnel<\/strong><\/p>","protected":false},"excerpt":{"rendered":"<p>Sorry, this entry is only available in French.O R D R E\u00a0\u00a0 D U\u00a0\u00a0 J O U R S\u00e9ance publique 1. Approbation et signature du registre aux d\u00e9lib\u00e9rations de la derni\u00e8re s\u00e9ance du 16 juin 2025 &nbsp; 2. Fusion 2.1.\u00a0 D\u00e9lib\u00e9ration concordante approuvant la poursuite des discussions exploratoires avec les communes de Diekirch, d\u2019Erpeldange-sur-S\u00fbre et [&hellip;]<\/p>\n","protected":false},"featured_media":2997,"template":"","acf":[],"_links":{"self":[{"href":"https:\/\/ettelbruck.lu\/en\/wp-json\/wp\/v2\/events\/3093"}],"collection":[{"href":"https:\/\/ettelbruck.lu\/en\/wp-json\/wp\/v2\/events"}],"about":[{"href":"https:\/\/ettelbruck.lu\/en\/wp-json\/wp\/v2\/types\/events"}],"wp:featuredmedia":[{"embeddable":true,"href":"https:\/\/ettelbruck.lu\/en\/wp-json\/wp\/v2\/media\/2997"}],"wp:attachment":[{"href":"https:\/\/ettelbruck.lu\/en\/wp-json\/wp\/v2\/media?parent=3093"}],"curies":[{"name":"wp","href":"https:\/\/api.w.org\/{rel}","templated":true}]}}