{"id":3141,"date":"2025-09-04T15:15:26","date_gmt":"2025-09-04T13:15:26","guid":{"rendered":"https:\/\/ettelbruck.lu\/?post_type=events&#038;p=3141"},"modified":"2025-09-04T15:39:19","modified_gmt":"2025-09-04T13:39:19","slug":"cape-queen-swings","status":"publish","type":"events","link":"https:\/\/ettelbruck.lu\/en\/events\/cape-queen-swings\/","title":{"rendered":"CAPE : Queen Swings!"},"content":{"rendered":"<p class=\"qtranxs-available-languages-message qtranxs-available-languages-message-en\">Sorry, this entry is only available in <a href=\"https:\/\/ettelbruck.lu\/fr\/wp-json\/wp\/v2\/events\/3141\" class=\"qtranxs-available-language-link qtranxs-available-language-link-fr\" title=\"Fran\u00e7ais\">French<\/a>.<\/p><p>Une soir\u00e9e inoubliable pour les aficionados de Queen autant que pour les amateurs de jazz !<br \/>\nJohn Beasley, laur\u00e9at aux Grammys, et l\u2019arrangeur R\u00e9my Labb\u00e9 insufflent une nouvelle \u00e9nergie aux plus grands titres de Queen avec leurs arrangements jazz aussi rafra\u00eechissants qu\u2019inventifs.<br \/>\nAvec leur interpr\u00e9tation de ces hits l\u00e9gendaires r\u00e9invent\u00e9s, Serge Schonckert et le Luxembourg Jazz Orchestra offrent une red\u00e9couverte vibrante de l\u2019univers de Freddie Mercury &amp; Co., entre swing, \u00e9l\u00e9gance et virtuosit\u00e9.<\/p>\n<p>Plus d&#8217;information <a href=\"https:\/\/cape.lu\/events\">ici<\/a><\/p>","protected":false},"excerpt":{"rendered":"<p>Sorry, this entry is only available in French.Une soir\u00e9e inoubliable pour les aficionados de Queen autant que pour les amateurs de jazz ! John Beasley, laur\u00e9at aux Grammys, et l\u2019arrangeur R\u00e9my Labb\u00e9 insufflent une nouvelle \u00e9nergie aux plus grands titres de Queen avec leurs arrangements jazz aussi rafra\u00eechissants qu\u2019inventifs. Avec leur interpr\u00e9tation de ces hits [&hellip;]<\/p>\n","protected":false},"featured_media":0,"template":"","acf":[],"_links":{"self":[{"href":"https:\/\/ettelbruck.lu\/en\/wp-json\/wp\/v2\/events\/3141"}],"collection":[{"href":"https:\/\/ettelbruck.lu\/en\/wp-json\/wp\/v2\/events"}],"about":[{"href":"https:\/\/ettelbruck.lu\/en\/wp-json\/wp\/v2\/types\/events"}],"wp:attachment":[{"href":"https:\/\/ettelbruck.lu\/en\/wp-json\/wp\/v2\/media?parent=3141"}],"curies":[{"name":"wp","href":"https:\/\/api.w.org\/{rel}","templated":true}]}}