{"id":3149,"date":"2025-09-04T15:29:32","date_gmt":"2025-09-04T13:29:32","guid":{"rendered":"https:\/\/ettelbruck.lu\/?post_type=events&#038;p=3149"},"modified":"2025-09-04T15:39:36","modified_gmt":"2025-09-04T13:39:36","slug":"luxembourg-philharmonic","status":"publish","type":"events","link":"https:\/\/ettelbruck.lu\/en\/events\/luxembourg-philharmonic\/","title":{"rendered":"Luxembourg Philharmonic"},"content":{"rendered":"<p class=\"qtranxs-available-languages-message qtranxs-available-languages-message-en\">Sorry, this entry is only available in <a href=\"https:\/\/ettelbruck.lu\/fr\/wp-json\/wp\/v2\/events\/3149\" class=\"qtranxs-available-language-link qtranxs-available-language-link-fr\" title=\"Fran\u00e7ais\">French<\/a>.<\/p><p>Avec Elisabeth Brau\u00df au piano et Ustina Dubitsky \u00e0 la baguette, ce sont<br \/>\ndeux musiciennes d\u2019exception, originaires d\u2019outre-Rhin, qui portent ce concert saisonnier de l\u2019Orchestre Philharmonique du Luxembourg au CAPE Ettelbruck. Salu\u00e9e pour la maturit\u00e9 et le raffinement de ses interpr\u00e9tations, la jeune pianiste Elisabeth Brau\u00df impressionne la critique. Quant \u00e0 la cheffe Ustina Dubitsky, elle dirige aujourd\u2019hui des orchestres prestigieux \u00e0 travers l\u2019Europe.<\/p>\n<p>Plus d&#8217;information <a href=\"https:\/\/cape.lu\/events\">ici<\/a><\/p>","protected":false},"excerpt":{"rendered":"<p>Sorry, this entry is only available in French.Avec Elisabeth Brau\u00df au piano et Ustina Dubitsky \u00e0 la baguette, ce sont deux musiciennes d\u2019exception, originaires d\u2019outre-Rhin, qui portent ce concert saisonnier de l\u2019Orchestre Philharmonique du Luxembourg au CAPE Ettelbruck. Salu\u00e9e pour la maturit\u00e9 et le raffinement de ses interpr\u00e9tations, la jeune pianiste Elisabeth Brau\u00df impressionne la [&hellip;]<\/p>\n","protected":false},"featured_media":3136,"template":"","acf":[],"_links":{"self":[{"href":"https:\/\/ettelbruck.lu\/en\/wp-json\/wp\/v2\/events\/3149"}],"collection":[{"href":"https:\/\/ettelbruck.lu\/en\/wp-json\/wp\/v2\/events"}],"about":[{"href":"https:\/\/ettelbruck.lu\/en\/wp-json\/wp\/v2\/types\/events"}],"wp:featuredmedia":[{"embeddable":true,"href":"https:\/\/ettelbruck.lu\/en\/wp-json\/wp\/v2\/media\/3136"}],"wp:attachment":[{"href":"https:\/\/ettelbruck.lu\/en\/wp-json\/wp\/v2\/media?parent=3149"}],"curies":[{"name":"wp","href":"https:\/\/api.w.org\/{rel}","templated":true}]}}