{"id":3161,"date":"2025-09-04T15:51:22","date_gmt":"2025-09-04T13:51:22","guid":{"rendered":"https:\/\/ettelbruck.lu\/?post_type=events&#038;p=3161"},"modified":"2025-09-04T15:51:22","modified_gmt":"2025-09-04T13:51:22","slug":"escape-hommage-a-manu-dibango","status":"publish","type":"events","link":"https:\/\/ettelbruck.lu\/en\/events\/escape-hommage-a-manu-dibango\/","title":{"rendered":"Es&#8217;CAPE : Hommage \u00e0 Manu Dibango"},"content":{"rendered":"<p class=\"qtranxs-available-languages-message qtranxs-available-languages-message-en\">Sorry, this entry is only available in <a href=\"https:\/\/ettelbruck.lu\/fr\/wp-json\/wp\/v2\/events\/3161\" class=\"qtranxs-available-language-link qtranxs-available-language-link-fr\" title=\"Fran\u00e7ais\">French<\/a>.<\/p><p>N\u00e9 de la fusion du groupe Akal\u00e9 Wub\u00e9 et du trio Akagera, le groupe Anbessa fait revivre sur sc\u00e8ne l\u2019\u0153uvre du vieux lion qui s\u2019\u00e9tend bien au-del\u00e0 de son c\u00e9l\u00e8bre tube Soul Makossa. Pourtant, Manu Dibango, en 60 ans de carri\u00e8re, a \u00e9t\u00e9 l\u2019un des musiciens les plus prolifiques de la plan\u00e8te et l\u2019un des meilleurs ambassadeurs des musiques africaines. Avec la r\u00e9interpr\u00e9tation de son r\u00e9pertoire, Anbessa permet de d\u00e9couvrir ou de red\u00e9couvrir cette grande figure et sa musique rayonnante et g\u00e9n\u00e9reuse, celle qui fait danser, sourire et imprime les c\u0153urs et les esprits.<\/p>\n<p>Plus d&#8217;information <a href=\"https:\/\/cape.lu\/events\">ici<\/a><\/p>","protected":false},"excerpt":{"rendered":"<p>Sorry, this entry is only available in French.N\u00e9 de la fusion du groupe Akal\u00e9 Wub\u00e9 et du trio Akagera, le groupe Anbessa fait revivre sur sc\u00e8ne l\u2019\u0153uvre du vieux lion qui s\u2019\u00e9tend bien au-del\u00e0 de son c\u00e9l\u00e8bre tube Soul Makossa. Pourtant, Manu Dibango, en 60 ans de carri\u00e8re, a \u00e9t\u00e9 l\u2019un des musiciens les plus [&hellip;]<\/p>\n","protected":false},"featured_media":3136,"template":"","acf":[],"_links":{"self":[{"href":"https:\/\/ettelbruck.lu\/en\/wp-json\/wp\/v2\/events\/3161"}],"collection":[{"href":"https:\/\/ettelbruck.lu\/en\/wp-json\/wp\/v2\/events"}],"about":[{"href":"https:\/\/ettelbruck.lu\/en\/wp-json\/wp\/v2\/types\/events"}],"wp:featuredmedia":[{"embeddable":true,"href":"https:\/\/ettelbruck.lu\/en\/wp-json\/wp\/v2\/media\/3136"}],"wp:attachment":[{"href":"https:\/\/ettelbruck.lu\/en\/wp-json\/wp\/v2\/media?parent=3161"}],"curies":[{"name":"wp","href":"https:\/\/api.w.org\/{rel}","templated":true}]}}