{"id":3163,"date":"2025-09-04T16:05:06","date_gmt":"2025-09-04T14:05:06","guid":{"rendered":"https:\/\/ettelbruck.lu\/?post_type=events&#038;p=3163"},"modified":"2025-09-04T16:05:06","modified_gmt":"2025-09-04T14:05:06","slug":"cape-pure-louies-cage-percussion","status":"publish","type":"events","link":"https:\/\/ettelbruck.lu\/en\/events\/cape-pure-louies-cage-percussion\/","title":{"rendered":"CAPE : Pure &#8211; Louie&#8217;s Cage Percussion"},"content":{"rendered":"<p class=\"qtranxs-available-languages-message qtranxs-available-languages-message-en\">Sorry, this entry is only available in <a href=\"https:\/\/ettelbruck.lu\/fr\/wp-json\/wp\/v2\/events\/3163\" class=\"qtranxs-available-language-link qtranxs-available-language-link-fr\" title=\"Fran\u00e7ais\">French<\/a>.<\/p><p>Musicalit\u00e9, rythme et fantaisie sonore! Avec Louie\u2019s Cage Percussion, la sc\u00e8ne devient un terrain de jeu o\u00f9 tout peut arriver : un jazz fusion entra\u00eenant en 7\/8 c\u00f4toie Verdi, Debussy se r\u00e9invente \u00e0 la sauce \u00e9lectro, et la musique minimaliste prend des airs de f\u00eate. Virtuoses et d\u00e9jant\u00e9s, ces musiciens ne manquent ni d\u2019humour ni d\u2019\u00e9nergie, et leur plaisir de jouer est tout simplement contagieux ! Ce programme est un savoureux m\u00e9lange d\u2019instruments classiques, de synth\u00e9tiseurs, de trouvailles sonores \u00e9tonnantes et de compositions originales. Un v\u00e9ritable feu d\u2019artifice musical, \u00e0 partager entre petits et grands !<\/p>\n<p>Plus d&#8217;information <a href=\"https:\/\/cape.lu\/events\">ici<\/a><\/p>","protected":false},"excerpt":{"rendered":"<p>Sorry, this entry is only available in French.Musicalit\u00e9, rythme et fantaisie sonore! Avec Louie\u2019s Cage Percussion, la sc\u00e8ne devient un terrain de jeu o\u00f9 tout peut arriver : un jazz fusion entra\u00eenant en 7\/8 c\u00f4toie Verdi, Debussy se r\u00e9invente \u00e0 la sauce \u00e9lectro, et la musique minimaliste prend des airs de f\u00eate. Virtuoses et d\u00e9jant\u00e9s, [&hellip;]<\/p>\n","protected":false},"featured_media":3136,"template":"","acf":[],"_links":{"self":[{"href":"https:\/\/ettelbruck.lu\/en\/wp-json\/wp\/v2\/events\/3163"}],"collection":[{"href":"https:\/\/ettelbruck.lu\/en\/wp-json\/wp\/v2\/events"}],"about":[{"href":"https:\/\/ettelbruck.lu\/en\/wp-json\/wp\/v2\/types\/events"}],"wp:featuredmedia":[{"embeddable":true,"href":"https:\/\/ettelbruck.lu\/en\/wp-json\/wp\/v2\/media\/3136"}],"wp:attachment":[{"href":"https:\/\/ettelbruck.lu\/en\/wp-json\/wp\/v2\/media?parent=3163"}],"curies":[{"name":"wp","href":"https:\/\/api.w.org\/{rel}","templated":true}]}}