{"id":3165,"date":"2025-09-05T15:33:54","date_gmt":"2025-09-05T13:33:54","guid":{"rendered":"https:\/\/ettelbruck.lu\/?post_type=events&#038;p=3165"},"modified":"2025-09-05T15:33:54","modified_gmt":"2025-09-05T13:33:54","slug":"cape-wiener-charme-luxembourg-philharmonia","status":"publish","type":"events","link":"https:\/\/ettelbruck.lu\/en\/events\/cape-wiener-charme-luxembourg-philharmonia\/","title":{"rendered":"CAPE : Wiener Charme &#8211; Luxembourg Philharmonia"},"content":{"rendered":"<p class=\"qtranxs-available-languages-message qtranxs-available-languages-message-en\">Sorry, this entry is only available in <a href=\"https:\/\/ettelbruck.lu\/fr\/wp-json\/wp\/v2\/events\/3165\" class=\"qtranxs-available-language-link qtranxs-available-language-link-fr\" title=\"Fran\u00e7ais\">French<\/a>.<\/p><p>Quoi de plus indiqu\u00e9 pour d\u00e9buter l\u2019ann\u00e9e qu\u2019une escapade musicale \u00e0 travers Vienne ? Sous la direction de Martin Elmquist, la Luxembourg Philharmonia avec la soprano hongroise M\u00e1rta Stefanik et le t\u00e9nor espagnol Igor Peral nous convie \u00e0 un voyage musical empli de charme, de nostalgie et de joie de vivre au c\u0153ur de la capitale autrichienne. Au fil des valses, polkas et airs d\u2019op\u00e9rette de Strauss, Leh\u00e1r et K\u00e1lm\u00e1n, c\u2019est toute l\u2019\u00e2me viennoise, cette \u00e9l\u00e9gante l\u00e9g\u00e8ret\u00e9 avec une touche de romantisme, qui s\u2019invite directement \u00e0 Ettelbruck.<\/p>\n<p>Plus d&#8217;information <a href=\"https:\/\/cape.lu\/events\">ici<\/a><\/p>","protected":false},"excerpt":{"rendered":"<p>Sorry, this entry is only available in French.Quoi de plus indiqu\u00e9 pour d\u00e9buter l\u2019ann\u00e9e qu\u2019une escapade musicale \u00e0 travers Vienne ? Sous la direction de Martin Elmquist, la Luxembourg Philharmonia avec la soprano hongroise M\u00e1rta Stefanik et le t\u00e9nor espagnol Igor Peral nous convie \u00e0 un voyage musical empli de charme, de nostalgie et de [&hellip;]<\/p>\n","protected":false},"featured_media":3136,"template":"","acf":[],"_links":{"self":[{"href":"https:\/\/ettelbruck.lu\/en\/wp-json\/wp\/v2\/events\/3165"}],"collection":[{"href":"https:\/\/ettelbruck.lu\/en\/wp-json\/wp\/v2\/events"}],"about":[{"href":"https:\/\/ettelbruck.lu\/en\/wp-json\/wp\/v2\/types\/events"}],"wp:featuredmedia":[{"embeddable":true,"href":"https:\/\/ettelbruck.lu\/en\/wp-json\/wp\/v2\/media\/3136"}],"wp:attachment":[{"href":"https:\/\/ettelbruck.lu\/en\/wp-json\/wp\/v2\/media?parent=3165"}],"curies":[{"name":"wp","href":"https:\/\/api.w.org\/{rel}","templated":true}]}}