{"id":3169,"date":"2025-09-05T15:48:48","date_gmt":"2025-09-05T13:48:48","guid":{"rendered":"https:\/\/ettelbruck.lu\/?post_type=events&#038;p=3169"},"modified":"2025-09-05T15:48:48","modified_gmt":"2025-09-05T13:48:48","slug":"cape-salto-xxl-duo-aramelo","status":"publish","type":"events","link":"https:\/\/ettelbruck.lu\/en\/events\/cape-salto-xxl-duo-aramelo\/","title":{"rendered":"CAPE : Salto! XXL &#8211; Duo Aramelo"},"content":{"rendered":"<p class=\"qtranxs-available-languages-message qtranxs-available-languages-message-en\">Sorry, this entry is only available in <a href=\"https:\/\/ettelbruck.lu\/fr\/wp-json\/wp\/v2\/events\/3169\" class=\"qtranxs-available-language-link qtranxs-available-language-link-fr\" title=\"Fran\u00e7ais\">French<\/a>.<\/p><p>Ole est impatient de d\u00e9couvrir son dernier achat! Mais d\u00e8s le d\u00e9ballage et l\u2019assemblage, les premi\u00e8res surprises surgissent\u2026 Et lorsque Mara surgit soudain de l\u2019emballage, le plan soigneusement pr\u00e9par\u00e9 par Ole est compl\u00e8tement chamboul\u00e9. Avec des images acrobatiques impressionnantes sur et autour du trampoline, des rebondissements inattendus et une bonne dose d\u2019humour absurde, le Duo Aramelo raconte une histoire que nous connaissons tous : l\u2019absurdit\u00e9 des emballages, les files d\u2019attente interminables et les promesses publicitaires jamais tenues\u2026 Mais que se passe-t-il si<br \/>\nnous parvenons \u00e0 reconqu\u00e9rir notre cr\u00e9ativit\u00e9, notre individualit\u00e9 et notre imagination dans ce monde consum\u00e9riste ?<\/p>\n<p>Plus d&#8217;information <a href=\"https:\/\/cape.lu\/events\">ici<\/a><\/p>","protected":false},"excerpt":{"rendered":"<p>Sorry, this entry is only available in French.Ole est impatient de d\u00e9couvrir son dernier achat! Mais d\u00e8s le d\u00e9ballage et l\u2019assemblage, les premi\u00e8res surprises surgissent\u2026 Et lorsque Mara surgit soudain de l\u2019emballage, le plan soigneusement pr\u00e9par\u00e9 par Ole est compl\u00e8tement chamboul\u00e9. Avec des images acrobatiques impressionnantes sur et autour du trampoline, des rebondissements inattendus et [&hellip;]<\/p>\n","protected":false},"featured_media":3136,"template":"","acf":[],"_links":{"self":[{"href":"https:\/\/ettelbruck.lu\/en\/wp-json\/wp\/v2\/events\/3169"}],"collection":[{"href":"https:\/\/ettelbruck.lu\/en\/wp-json\/wp\/v2\/events"}],"about":[{"href":"https:\/\/ettelbruck.lu\/en\/wp-json\/wp\/v2\/types\/events"}],"wp:featuredmedia":[{"embeddable":true,"href":"https:\/\/ettelbruck.lu\/en\/wp-json\/wp\/v2\/media\/3136"}],"wp:attachment":[{"href":"https:\/\/ettelbruck.lu\/en\/wp-json\/wp\/v2\/media?parent=3169"}],"curies":[{"name":"wp","href":"https:\/\/api.w.org\/{rel}","templated":true}]}}