{"id":3170,"date":"2025-09-05T16:07:22","date_gmt":"2025-09-05T14:07:22","guid":{"rendered":"https:\/\/ettelbruck.lu\/?post_type=events&#038;p=3170"},"modified":"2025-12-03T13:40:12","modified_gmt":"2025-12-03T12:40:12","slug":"cape-music-wine-her-ensemble","status":"publish","type":"events","link":"https:\/\/ettelbruck.lu\/en\/events\/cape-music-wine-her-ensemble\/","title":{"rendered":"CAPE : Music &amp; Wine &#8211; Her Ensemble"},"content":{"rendered":"<p class=\"qtranxs-available-languages-message qtranxs-available-languages-message-en\">Sorry, this entry is only available in <a href=\"https:\/\/ettelbruck.lu\/fr\/wp-json\/wp\/v2\/events\/3170\" class=\"qtranxs-available-language-link qtranxs-available-language-link-fr\" title=\"Fran\u00e7ais\">French<\/a>.<\/p><p>Le saviez-vous ? Seules 7,7 % des \u0153uvres de musique classique jou\u00e9es dans le monde ont \u00e9t\u00e9 compos\u00e9es par des femmes. Her Ensemble fusionne les univers classique et contemporain \u00e0 travers une programmation \u00e9clectique, mettant en lumi\u00e8re des \u0153uvres compos\u00e9es par des femmes et offrant ainsi une perspective r\u00e9solument nouvelle. Des hymnes du 11e si\u00e8cle \u00e0 la musique contemporaine inspir\u00e9e du jazz, Her Ensemble pr\u00e9sente ses pi\u00e8ces pr\u00e9f\u00e9r\u00e9es pour quatuor, qui ont travers\u00e9 les si\u00e8cles.<\/p>\n<p>Plus d&#8217;information <a href=\"https:\/\/cape.lu\/events\">ici<\/a><\/p>","protected":false},"excerpt":{"rendered":"<p>Sorry, this entry is only available in French.Le saviez-vous ? Seules 7,7 % des \u0153uvres de musique classique jou\u00e9es dans le monde ont \u00e9t\u00e9 compos\u00e9es par des femmes. Her Ensemble fusionne les univers classique et contemporain \u00e0 travers une programmation \u00e9clectique, mettant en lumi\u00e8re des \u0153uvres compos\u00e9es par des femmes et offrant ainsi une perspective [&hellip;]<\/p>\n","protected":false},"featured_media":3136,"template":"","acf":[],"_links":{"self":[{"href":"https:\/\/ettelbruck.lu\/en\/wp-json\/wp\/v2\/events\/3170"}],"collection":[{"href":"https:\/\/ettelbruck.lu\/en\/wp-json\/wp\/v2\/events"}],"about":[{"href":"https:\/\/ettelbruck.lu\/en\/wp-json\/wp\/v2\/types\/events"}],"wp:featuredmedia":[{"embeddable":true,"href":"https:\/\/ettelbruck.lu\/en\/wp-json\/wp\/v2\/media\/3136"}],"wp:attachment":[{"href":"https:\/\/ettelbruck.lu\/en\/wp-json\/wp\/v2\/media?parent=3170"}],"curies":[{"name":"wp","href":"https:\/\/api.w.org\/{rel}","templated":true}]}}