{"id":3276,"date":"2025-11-27T08:53:15","date_gmt":"2025-11-27T07:53:15","guid":{"rendered":"https:\/\/ettelbruck.lu\/?post_type=events&#038;p=3276"},"modified":"2025-11-27T09:23:44","modified_gmt":"2025-11-27T08:23:44","slug":"cape-songs-of-hope","status":"publish","type":"events","link":"https:\/\/ettelbruck.lu\/en\/events\/cape-songs-of-hope\/","title":{"rendered":"CAPE : Songs of Hope"},"content":{"rendered":"<p class=\"qtranxs-available-languages-message qtranxs-available-languages-message-en\">Sorry, this entry is only available in <a href=\"https:\/\/ettelbruck.lu\/fr\/wp-json\/wp\/v2\/events\/3276\" class=\"qtranxs-available-language-link qtranxs-available-language-link-fr\" title=\"Fran\u00e7ais\">French<\/a>.<\/p><p>\u00c0 chacun de leurs concerts, les chanteuses et chanteurs du ch\u0153ur catalan d\u2019enfants et de jeunes Veus \u2013 Cor Infantil Amics de la Uni\u00f3 ne laissent planer aucun doute : pour eux, la musique est une pure expression de la joie de vivre. Ce concert, port\u00e9 par des \u0153uvres de compositeurs catalans et du monde entier, est une v\u00e9ritable exp\u00e9rience sensorielle : musique et th\u00e9\u00e2tre se rejoignent pour donner au public l\u2019impression de faire partie int\u00e9grante du ch\u0153ur.<\/p>\n<p>Plus d&#8217;information <a href=\"https:\/\/cape.lu\/songs-hope\/14094\">ici<\/a><\/p>","protected":false},"excerpt":{"rendered":"<p>Sorry, this entry is only available in French.\u00c0 chacun de leurs concerts, les chanteuses et chanteurs du ch\u0153ur catalan d\u2019enfants et de jeunes Veus \u2013 Cor Infantil Amics de la Uni\u00f3 ne laissent planer aucun doute : pour eux, la musique est une pure expression de la joie de vivre. Ce concert, port\u00e9 par des [&hellip;]<\/p>\n","protected":false},"featured_media":3136,"template":"","acf":[],"_links":{"self":[{"href":"https:\/\/ettelbruck.lu\/en\/wp-json\/wp\/v2\/events\/3276"}],"collection":[{"href":"https:\/\/ettelbruck.lu\/en\/wp-json\/wp\/v2\/events"}],"about":[{"href":"https:\/\/ettelbruck.lu\/en\/wp-json\/wp\/v2\/types\/events"}],"wp:featuredmedia":[{"embeddable":true,"href":"https:\/\/ettelbruck.lu\/en\/wp-json\/wp\/v2\/media\/3136"}],"wp:attachment":[{"href":"https:\/\/ettelbruck.lu\/en\/wp-json\/wp\/v2\/media?parent=3276"}],"curies":[{"name":"wp","href":"https:\/\/api.w.org\/{rel}","templated":true}]}}