{"id":3286,"date":"2025-11-27T14:40:23","date_gmt":"2025-11-27T13:40:23","guid":{"rendered":"https:\/\/ettelbruck.lu\/?post_type=events&#038;p=3286"},"modified":"2025-11-27T14:40:23","modified_gmt":"2025-11-27T13:40:23","slug":"after-work-au-wantermaart","status":"publish","type":"events","link":"https:\/\/ettelbruck.lu\/en\/events\/after-work-au-wantermaart\/","title":{"rendered":"After Work au &#8220;Wantermaart&#8221;"},"content":{"rendered":"<p class=\"qtranxs-available-languages-message qtranxs-available-languages-message-en\">Sorry, this entry is only available in <a href=\"https:\/\/ettelbruck.lu\/fr\/wp-json\/wp\/v2\/events\/3286\" class=\"qtranxs-available-language-link qtranxs-available-language-link-fr\" title=\"Fran\u00e7ais\">French<\/a>.<\/p><p><\/p>\n<p data-start=\"91\" data-end=\"373\">Le \u00ab Wantermaart \u00bb ouvrira bient\u00f4t ses portes ! Venez profiter de la magie de No\u00ebl sur la place Marie-Ad\u00e9la\u00efde jusqu\u2019au 21 d\u00e9cembre. Deux soir\u00e9es <strong data-start=\"238\" data-end=\"252\">After Work<\/strong> vous y attendent \u00e9galement, une belle occasion de d\u00e9couvrir des artistes locaux autour d\u2019un vin chaud ou d\u2019un jus chaud.<\/p>\n<p data-start=\"375\" data-end=\"609\"><strong data-start=\"378\" data-end=\"402\">Mercredi 10 d\u00e9cembre<\/strong><br data-start=\"402\" data-end=\"405\" \/>Rejoignez-nous d\u00e8s 17h00 pour le premier After Work du \u00ab Wantermaart \u00bb. La soir\u00e9e d\u00e9butera en musique avec <strong data-start=\"512\" data-end=\"528\">Kevin Heinen<\/strong>, puis se poursuivra dans une ambiance chaleureuse anim\u00e9e par <strong data-start=\"590\" data-end=\"608\">DJ Ben Paulson<\/strong>.<\/p>\n<p data-start=\"611\" data-end=\"847\"><strong data-start=\"614\" data-end=\"635\">Jeudi 18 d\u00e9cembre<\/strong><br data-start=\"635\" data-end=\"638\" \/>Ne manquez pas le deuxi\u00e8me After Work au \u00ab Wantermaart \u00bb ! D\u00e8s 17h00, la soir\u00e9e s\u2019ouvrira en douceur avec <strong data-start=\"265\" data-end=\"292\">Fr\u00e4nz \u2013 Swing meets Pop<\/strong>, qui apportera une touche chaleureuse et festive. L\u2019ambiance se poursuivra avec le duo <strong data-start=\"380\" data-end=\"390\">BeaTwo<\/strong>, pour un moment convivial \u00e0 partager.<\/p>\n<p><\/p>","protected":false},"excerpt":{"rendered":"<p>Sorry, this entry is only available in French. Le \u00ab Wantermaart \u00bb ouvrira bient\u00f4t ses portes ! Venez profiter de la magie de No\u00ebl sur la place Marie-Ad\u00e9la\u00efde jusqu\u2019au 21 d\u00e9cembre. Deux soir\u00e9es After Work vous y attendent \u00e9galement, une belle occasion de d\u00e9couvrir des artistes locaux autour d\u2019un vin chaud ou d\u2019un jus chaud. [&hellip;]<\/p>\n","protected":false},"featured_media":3287,"template":"","acf":[],"_links":{"self":[{"href":"https:\/\/ettelbruck.lu\/en\/wp-json\/wp\/v2\/events\/3286"}],"collection":[{"href":"https:\/\/ettelbruck.lu\/en\/wp-json\/wp\/v2\/events"}],"about":[{"href":"https:\/\/ettelbruck.lu\/en\/wp-json\/wp\/v2\/types\/events"}],"wp:featuredmedia":[{"embeddable":true,"href":"https:\/\/ettelbruck.lu\/en\/wp-json\/wp\/v2\/media\/3287"}],"wp:attachment":[{"href":"https:\/\/ettelbruck.lu\/en\/wp-json\/wp\/v2\/media?parent=3286"}],"curies":[{"name":"wp","href":"https:\/\/api.w.org\/{rel}","templated":true}]}}