{"id":26,"date":"2020-03-13T14:54:21","date_gmt":"2020-03-13T13:54:21","guid":{"rendered":"https:\/\/ettelbruck.webdev.lu\/visiteur\/?page_id=26"},"modified":"2021-05-06T16:25:03","modified_gmt":"2021-05-06T14:25:03","slug":"decouvrir","status":"publish","type":"page","link":"https:\/\/ettelbruck.lu\/visiteur\/de\/decouvrir\/","title":{"rendered":"Erleben"},"content":{"rendered":"<p>Im Norden Luxemburgs, in den luxemburgischen Ardennen, begeistert Ettelbr\u00fcck seine Besucher.<\/p>\n<p>Die 200 Boutiquen in der Fu\u00dfg\u00e4ngerzone der Innenstadt lassen bei Shoppingfans keine W\u00fcnsche offen, die im Sommer auch den Charme der zahlreichen Terrassencaf\u00e9s zu sch\u00e4tzen wissen. Eine andere Art, zu Fu\u00df die Stadt zu erkunden, ist ein k\u00fcnstlerischer Stadtrundgang, der die Besucher zu den Sehensw\u00fcrdigkeiten im Stadtzentrum und in der Fu\u00dfg\u00e4ngerzone f\u00fchrt. Und warum nicht die Gelegenheit nutzen, um ein Werk von Mantra zu bewundern? Sein Fassadengem\u00e4lde ist Teil eines umfassenden Streetart-Projekts, das von der Stadt Ettelbr\u00fcck gef\u00f6rdert wird.<\/p>\n<p>Auch in einem ganz anderen Bereich wird Ettelbr\u00fcck zum Anziehungspunkt: Die Stadt veranstaltet jedes Jahr im Juli die gr\u00f6\u00dfte Freiluftmesse f\u00fcr landwirtschaftliche Produkte des Landes. Sie zieht Tausende von Besuchern an, die sich hier mit Erzeugern und Landwirten aus der Region austauschen.<\/p>","protected":false},"excerpt":{"rendered":"<p>Im Norden Luxemburgs, in den luxemburgischen Ardennen, begeistert Ettelbr\u00fcck seine Besucher. Die 200 Boutiquen in der Fu\u00dfg\u00e4ngerzone der Innenstadt lassen bei Shoppingfans keine W\u00fcnsche offen, die im Sommer auch den Charme der zahlreichen Terrassencaf\u00e9s zu sch\u00e4tzen wissen. Eine andere Art, zu Fu\u00df die Stadt zu erkunden, ist ein k\u00fcnstlerischer Stadtrundgang, der die Besucher zu den [&hellip;]<\/p>\n","protected":false},"author":1,"featured_media":0,"parent":0,"menu_order":7,"comment_status":"closed","ping_status":"closed","template":"","meta":{"_acf_changed":false,"inline_featured_image":false,"footnotes":""},"acf":[],"_links":{"self":[{"href":"https:\/\/ettelbruck.lu\/visiteur\/de\/wp-json\/wp\/v2\/pages\/26"}],"collection":[{"href":"https:\/\/ettelbruck.lu\/visiteur\/de\/wp-json\/wp\/v2\/pages"}],"about":[{"href":"https:\/\/ettelbruck.lu\/visiteur\/de\/wp-json\/wp\/v2\/types\/page"}],"author":[{"embeddable":true,"href":"https:\/\/ettelbruck.lu\/visiteur\/de\/wp-json\/wp\/v2\/users\/1"}],"replies":[{"embeddable":true,"href":"https:\/\/ettelbruck.lu\/visiteur\/de\/wp-json\/wp\/v2\/comments?post=26"}],"version-history":[{"count":6,"href":"https:\/\/ettelbruck.lu\/visiteur\/de\/wp-json\/wp\/v2\/pages\/26\/revisions"}],"predecessor-version":[{"id":2106,"href":"https:\/\/ettelbruck.lu\/visiteur\/de\/wp-json\/wp\/v2\/pages\/26\/revisions\/2106"}],"wp:attachment":[{"href":"https:\/\/ettelbruck.lu\/visiteur\/de\/wp-json\/wp\/v2\/media?parent=26"}],"curies":[{"name":"wp","href":"https:\/\/api.w.org\/{rel}","templated":true}]}}